{"id":1227,"date":"2022-10-14T17:33:09","date_gmt":"2022-10-14T17:33:09","guid":{"rendered":"https:\/\/roserchillon.com\/lamina-can-trabal-pwyw\/"},"modified":"2025-11-27T16:27:16","modified_gmt":"2025-11-27T16:27:16","slug":"lamina-can-trabal-pwyw","status":"publish","type":"page","link":"https:\/\/roserchillon.com\/es\/lamina-can-trabal-pwyw\/","title":{"rendered":"L\u00e1mina Can Trabal PWYW"},"content":{"rendered":"<p>[et_pb_section fb_built=\u00bb1&#8243; fullwidth=\u00bbon\u00bb _builder_version=\u00bb4.16&#8243; _module_preset=\u00bbdefault\u00bb background_color=\u00bb#ffcc00&#8243; global_colors_info=\u00bb{}\u00bb][\/et_pb_section][et_pb_section fb_built=\u00bb1&#8243; _builder_version=\u00bb4.16&#8243; _module_preset=\u00bbdefault\u00bb global_colors_info=\u00bb{}\u00bb][et_pb_row _builder_version=\u00bb4.17.4&#8243; _module_preset=\u00bbdefault\u00bb global_colors_info=\u00bb{}\u00bb][et_pb_column type=\u00bb4_4&#8243; _builder_version=\u00bb4.17.4&#8243; _module_preset=\u00bbdefault\u00bb global_colors_info=\u00bb{}\u00bb][et_pb_text _builder_version=\u00bb4.17.4&#8243; _module_preset=\u00bbdefault\u00bb header_font=\u00bbRaleway|900||on|||||\u00bb header_text_color=\u00bb#000000&#8243; header_font_size=\u00bb48px\u00bb header_2_font=\u00bbRaleway|300|||||||\u00bb header_2_font_size=\u00bb30px\u00bb global_colors_info=\u00bb{}\u00bb]<\/p>\n<h1>La l\u00e1mina de Can Trabal en PWYW<\/h1>\n<h2>PWYW (Pay What You Want) Paga lo que quieras.<\/h2>\n<p>[\/et_pb_text][\/et_pb_column][\/et_pb_row][et_pb_row column_structure=\u00bb1_2,1_4,1_4&#8243; _builder_version=\u00bb4.16&#8243; _module_preset=\u00bbdefault\u00bb global_colors_info=\u00bb{}\u00bb][et_pb_column type=\u00bb1_2&#8243; _builder_version=\u00bb4.16&#8243; _module_preset=\u00bbdefault\u00bb global_colors_info=\u00bb{}\u00bb][et_pb_image src=\u00bbhttps:\/\/roserchillon.com\/wp-content\/uploads\/2022\/10\/CanTrabal_marcikeaquadrat_mockup.jpg\u00bb title_text=\u00bbfoto de la ilustraci\u00f3n de CanTrabal enmarcada\u00bb _builder_version=\u00bb4.17.4&#8243; _module_preset=\u00bbdefault\u00bb global_colors_info=\u00bb{}\u00bb][\/et_pb_image][et_pb_text _builder_version=\u00bb4.17.4&#8243; _module_preset=\u00bbdefault\u00bb text_font=\u00bbRaleway|300|||||||\u00bb text_font_size=\u00bb14px\u00bb hover_enabled=\u00bb0&#8243; sticky_enabled=\u00bb0&#8243;]<\/p>\n<p><span class=\"_aacl _aaco _aacu _aacx _aad7 _aade\">Can Trabal es una mas\u00eda protegida del siglo XVII situada en la \u00faltima zona agraria que queda en L\u00b4Hospitalet de Llobregat, este entorno se ve amenazado por el plan urban\u00edstico PDU Gran Via.<\/span><\/p>\n<p>[\/et_pb_text][\/et_pb_column][et_pb_column type=\u00bb1_4&#8243; _builder_version=\u00bb4.16&#8243; _module_preset=\u00bbdefault\u00bb global_colors_info=\u00bb{}\u00bb][et_pb_text _builder_version=\u00bb4.17.4&#8243; _module_preset=\u00bbdefault\u00bb text_font=\u00bbRaleway||||||||\u00bb custom_margin=\u00bb||4px||false|false\u00bb custom_padding=\u00bb||4px||false|false\u00bb global_colors_info=\u00bb{}\u00bb]<\/p>\n<p><span class=\"JsGRdQ\" style=\"color: #000000; font-weight: 400; font-style: normal; text-decoration: none;\">Tanto si quieres pagar el precio de un caf\u00e9 como el de un piso en La Remunta, o si quieres bajarlo por 0\u20ac, estar\u00e9 encantada de que tengas esta l\u00e1mina de Can Trabal.<br \/><\/span><\/p>\n<p><strong><span class=\"JsGRdQ\" style=\"color: #000000; font-style: normal; text-decoration: none;\">Descargas:<\/span><\/strong><span class=\"JsGRdQ\" style=\"color: #000000; font-weight: 400; font-style: normal; text-decoration: none;\"><\/span><\/p>\n<p>[\/et_pb_text][et_pb_button button_url=\u00bbhttp:\/\/roserchillon.com\/wp-content\/uploads\/2022\/10\/Can_Trabal_RoserChillon-scaled.jpg\u00bb url_new_window=\u00bbon\u00bb button_text=\u00bbIMAGEN EN JPG\u00bb _builder_version=\u00bb4.17.4&#8243; _module_preset=\u00bbdefault\u00bb custom_button=\u00bbon\u00bb button_text_size=\u00bb13px\u00bb button_text_color=\u00bb#FFCC00&#8243; custom_margin=\u00bb5px||5px||false|false\u00bb global_colors_info=\u00bb{}\u00bb][\/et_pb_button][et_pb_button button_url=\u00bbhttp:\/\/roserchillon.com\/wp-content\/uploads\/2022\/10\/Can_Trabal_RoserChillonA4.pdf\u00bb url_new_window=\u00bbon\u00bb button_text=\u00bbTAMA\u00d1O A4 PDF\u00bb _builder_version=\u00bb4.17.4&#8243; _module_preset=\u00bbdefault\u00bb custom_button=\u00bbon\u00bb button_text_size=\u00bb13px\u00bb button_text_color=\u00bb#FFCC00&#8243; custom_margin=\u00bb5px||5px||false|false\u00bb global_colors_info=\u00bb{}\u00bb][\/et_pb_button][et_pb_button button_url=\u00bbhttp:\/\/roserchillon.com\/wp-content\/uploads\/2022\/10\/Can_Trabal_RoserChillonA3.pdf\u00bb url_new_window=\u00bbon\u00bb button_text=\u00bbTAMA\u00d1O A3 PDF\u00bb _builder_version=\u00bb4.17.4&#8243; _module_preset=\u00bbdefault\u00bb custom_button=\u00bbon\u00bb button_text_size=\u00bb13px\u00bb button_text_color=\u00bb#FFCC00&#8243; custom_margin=\u00bb5px||5px||false|false\u00bb global_colors_info=\u00bb{}\u00bb][\/et_pb_button][\/et_pb_column][et_pb_column type=\u00bb1_4&#8243; _builder_version=\u00bb4.16&#8243; _module_preset=\u00bbdefault\u00bb global_colors_info=\u00bb{}\u00bb][et_pb_cta title=\u00bbGRACIAS POR TU APOYO\u00bb button_url=\u00bbhttps:\/\/paypal.me\/roserchillon?country.x=ES&amp;locale.x=es_ES\u00bb url_new_window=\u00bbon\u00bb button_text=\u00bbPagar por PayPal\u00bb _builder_version=\u00bb4.17.4&#8243; _module_preset=\u00bbdefault\u00bb header_font=\u00bbRaleway|900|||||||\u00bb body_font=\u00bbRaleway|300|||||||\u00bb background_color=\u00bb#FFCC00&#8243; custom_button=\u00bbon\u00bb button_text_size=\u00bb16px\u00bb button_text_color=\u00bb#FFFFFF\u00bb button_bg_color=\u00bb#087BAF\u00bb button_font=\u00bbRaleway|700|||||||\u00bb button_use_icon=\u00bboff\u00bb background_layout=\u00bblight\u00bb global_colors_info=\u00bb{}\u00bb]<\/p>\n<p>Puedes apoyarme pagando lo que quieras por PayPal.<\/p>\n<p>[\/et_pb_cta][\/et_pb_column][\/et_pb_row][et_pb_row _builder_version=\u00bb4.17.4&#8243; _module_preset=\u00bbdefault\u00bb global_colors_info=\u00bb{}\u00bb][et_pb_column type=\u00bb4_4&#8243; _builder_version=\u00bb4.17.4&#8243; _module_preset=\u00bbdefault\u00bb global_colors_info=\u00bb{}\u00bb][et_pb_text _builder_version=\u00bb4.17.4&#8243; _module_preset=\u00bbdefault\u00bb text_font=\u00bbRaleway||||||||\u00bb text_orientation=\u00bbright\u00bb global_colors_info=\u00bb{}\u00bb]<\/p>\n<p>* Eh, que si no tienes PayPal, acepto Bizums, \u00bfeh? \ud83d\ude42<br \/><strong>Telf: 649 18 50 71<\/strong><\/p>\n<p>[\/et_pb_text][\/et_pb_column][\/et_pb_row][\/et_pb_section][et_pb_section fb_built=\u00bb1&#8243; specialty=\u00bbon\u00bb padding_top_1=\u00bb0px\u00bb padding_top_2=\u00bb8%\u00bb padding_top_bottom_link_1=\u00bbfalse\u00bb padding_top_bottom_link_2=\u00bbfalse\u00bb padding_left_right_link_1=\u00bbfalse\u00bb padding_left_right_link_2=\u00bbfalse\u00bb admin_label=\u00bbFooter\u00bb _builder_version=\u00bb4.5.1&#8243; background_color=\u00bb#000000&#8243; background_enable_image=\u00bboff\u00bb custom_padding=\u00bb0px|||||\u00bb global_module=\u00bb137&#8243; saved_tabs=\u00bball\u00bb locked=\u00bboff\u00bb global_colors_info=\u00bb{}\u00bb][et_pb_column type=\u00bb1_2&#8243; _builder_version=\u00bb4.16&#8243; custom_padding=\u00bb|||\u00bb global_colors_info=\u00bb{}\u00bb custom_padding__hover=\u00bb|||\u00bb][et_pb_image src=\u00bbhttps:\/\/roserchillon.com\/wp-content\/uploads\/2020\/12\/socialmediadesgner-chillon-roser.jpg\u00bb title_text=\u00bbsocialmediadesgner chillon roser\u00bb _builder_version=\u00bb4.16&#8243; custom_margin=\u00bb|||-10vw|false|false\u00bb custom_margin_tablet=\u00bb0px||||false|false\u00bb custom_margin_last_edited=\u00bboff|desktop\u00bb global_colors_info=\u00bb{}\u00bb][\/et_pb_image][\/et_pb_column][et_pb_column type=\u00bb1_2&#8243; specialty_columns=\u00bb2&#8243; _builder_version=\u00bb4.16&#8243; custom_padding=\u00bb|||\u00bb global_colors_info=\u00bb{}\u00bb custom_padding__hover=\u00bb|||\u00bb][et_pb_row_inner _builder_version=\u00bb4.16&#8243; custom_margin=\u00bb||||false|false\u00bb global_colors_info=\u00bb{}\u00bb][et_pb_column_inner saved_specialty_column_type=\u00bb1_2&#8243; _builder_version=\u00bb4.16&#8243; global_colors_info=\u00bb{}\u00bb][et_pb_text _builder_version=\u00bb4.16&#8243; header_2_font=\u00bbKanit|700|||||||\u00bb header_2_font_size=\u00bb48px\u00bb header_2_line_height=\u00bb1.3em\u00bb background_layout=\u00bbdark\u00bb header_2_font_size_tablet=\u00bb36px\u00bb header_2_font_size_phone=\u00bb24px\u00bb header_2_font_size_last_edited=\u00bbon|phone\u00bb locked=\u00bboff\u00bb global_colors_info=\u00bb{}\u00bb]<\/p>\n<h2>Contacta conmigo<\/h2>\n<p>[\/et_pb_text][\/et_pb_column_inner][\/et_pb_row_inner][et_pb_row_inner column_structure=\u00bb1_2,1_2&#8243; _builder_version=\u00bb4.16&#8243; global_colors_info=\u00bb{}\u00bb][et_pb_column_inner type=\u00bb1_2&#8243; saved_specialty_column_type=\u00bb1_2&#8243; _builder_version=\u00bb4.16&#8243; global_colors_info=\u00bb{}\u00bb][et_pb_blurb title=\u00bbLl\u00e1mame\u00bb use_icon=\u00bbon\u00bb font_icon=\u00bb&#xe090;||divi||400&#8243; icon_color=\u00bb#ffd000&#8243; icon_placement=\u00bbleft\u00bb image_icon_width=\u00bb24px\u00bb _builder_version=\u00bb4.16&#8243; header_font=\u00bbKanit|700|||||||\u00bb header_font_size=\u00bb20px\u00bb header_line_height=\u00bb1.3em\u00bb body_line_height=\u00bb1.8em\u00bb background_layout=\u00bbdark\u00bb animation=\u00bboff\u00bb header_font_size_tablet=\u00bb18px\u00bb header_font_size_phone=\u00bb\u00bb header_font_size_last_edited=\u00bbon|tablet\u00bb icon_font_size=\u00bb24px\u00bb global_colors_info=\u00bb{}\u00bb]<\/p>\n<p><a href=\"tel:649185071\">649185071<\/a><\/p>\n<p>[\/et_pb_blurb][et_pb_blurb title=\u00bbEmail\u00bb use_icon=\u00bbon\u00bb font_icon=\u00bb&#xe076;||divi||400&#8243; icon_color=\u00bb#ffd000&#8243; icon_placement=\u00bbleft\u00bb image_icon_width=\u00bb24px\u00bb _builder_version=\u00bb4.16&#8243; header_font=\u00bbKanit|700|||||||\u00bb header_font_size=\u00bb20px\u00bb header_line_height=\u00bb1.3em\u00bb body_line_height=\u00bb1.8em\u00bb body_link_text_color=\u00bb#ffffff\u00bb background_layout=\u00bbdark\u00bb animation=\u00bboff\u00bb header_font_size_tablet=\u00bb18px\u00bb header_font_size_phone=\u00bb\u00bb header_font_size_last_edited=\u00bbon|tablet\u00bb icon_font_size=\u00bb24px\u00bb locked=\u00bboff\u00bb global_colors_info=\u00bb{}\u00bb]<\/p>\n<p>info@roserchillon.com<\/p>\n<p>[\/et_pb_blurb][\/et_pb_column_inner][et_pb_column_inner type=\u00bb1_2&#8243; saved_specialty_column_type=\u00bb1_2&#8243; _builder_version=\u00bb4.16&#8243; global_colors_info=\u00bb{}\u00bb][et_pb_text _builder_version=\u00bb4.16&#8243; _module_preset=\u00bbdefault\u00bb text_text_color=\u00bb#ffffff\u00bb global_colors_info=\u00bb{}\u00bb]<\/p>\n<p>S\u00edqueme en redes<\/p>\n<p>[\/et_pb_text][et_pb_social_media_follow url_new_window=\u00bboff\u00bb icon_color=\u00bb#ffffff\u00bb use_icon_font_size=\u00bbon\u00bb icon_font_size=\u00bb21px\u00bb _builder_version=\u00bb4.16&#8243; text_orientation=\u00bbleft\u00bb locked=\u00bboff\u00bb global_colors_info=\u00bb{}\u00bb][et_pb_social_media_follow_network social_network=\u00bbinstagram\u00bb url=\u00bbhttp:\/\/instagram.com\/roserchillon\/\u00bb _builder_version=\u00bb4.16&#8243; background_color=\u00bb#ea2c59&#8243; global_colors_info=\u00bb{}\u00bb follow_button=\u00bboff\u00bb url_new_window=\u00bboff\u00bb]instagram[\/et_pb_social_media_follow_network][et_pb_social_media_follow_network social_network=\u00bblinkedin\u00bb url=\u00bbhttps:\/\/www.linkedin.com\/in\/roserchillon\/\u00bb _builder_version=\u00bb4.16&#8243; background_color=\u00bb#007bb6&#8243; global_colors_info=\u00bb{}\u00bb follow_button=\u00bboff\u00bb url_new_window=\u00bboff\u00bb]linkedin[\/et_pb_social_media_follow_network][et_pb_social_media_follow_network social_network=\u00bbfacebook\u00bb url=\u00bbhttps:\/\/www.facebook.com\/roser.chillon\u00bb _builder_version=\u00bb4.16&#8243; background_color=\u00bb#3b5998&#8243; global_colors_info=\u00bb{}\u00bb follow_button=\u00bboff\u00bb url_new_window=\u00bboff\u00bb]facebook[\/et_pb_social_media_follow_network][\/et_pb_social_media_follow][\/et_pb_column_inner][\/et_pb_row_inner][\/et_pb_column][\/et_pb_section]<\/p>\n","protected":false},"excerpt":{"rendered":"<p>La l\u00e1mina de Can Trabal en PWYW PWYW (Pay What You Want) Paga lo que quieras.Can Trabal es una mas\u00eda protegida del siglo XVII situada en la \u00faltima zona agraria que queda en L\u00b4Hospitalet de Llobregat, este entorno se ve amenazado por el plan urban\u00edstico PDU Gran Via.Tanto si quieres pagar el precio de un [&hellip;]<\/p>\n","protected":false},"author":1,"featured_media":0,"parent":0,"menu_order":0,"comment_status":"closed","ping_status":"closed","template":"","meta":{"_et_pb_use_builder":"on","_et_pb_old_content":"","_et_gb_content_width":"","footnotes":""},"class_list":["post-1227","page","type-page","status-publish","hentry"],"yoast_head":"<!-- This site is optimized with the Yoast SEO plugin v27.5 - https:\/\/yoast.com\/product\/yoast-seo-wordpress\/ -->\n<title>L\u00e1mina Can Trabal PWYW - Roser Chill\u00f3n i Costa Disse\u00f1o<\/title>\n<meta name=\"robots\" content=\"index, follow, max-snippet:-1, max-image-preview:large, max-video-preview:-1\" \/>\n<link rel=\"canonical\" href=\"https:\/\/roserchillon.com\/es\/lamina-can-trabal-pwyw\/\" \/>\n<meta property=\"og:locale\" content=\"es_ES\" \/>\n<meta property=\"og:type\" content=\"article\" \/>\n<meta property=\"og:title\" content=\"L\u00e1mina Can Trabal PWYW - Roser Chill\u00f3n i Costa Disse\u00f1o\" \/>\n<meta property=\"og:description\" content=\"La l\u00e1mina de Can Trabal en PWYW PWYW (Pay What You Want) Paga lo que quieras.Can Trabal es una mas\u00eda protegida del siglo XVII situada en la \u00faltima zona agraria que queda en L\u00b4Hospitalet de Llobregat, este entorno se ve amenazado por el plan urban\u00edstico PDU Gran Via.Tanto si quieres pagar el precio de un [&hellip;]\" \/>\n<meta property=\"og:url\" content=\"https:\/\/roserchillon.com\/es\/lamina-can-trabal-pwyw\/\" \/>\n<meta property=\"og:site_name\" content=\"Roser Chill\u00f3n i Costa Disse\u00f1o\" \/>\n<meta property=\"article:modified_time\" content=\"2025-11-27T16:27:16+00:00\" \/>\n<meta name=\"twitter:card\" content=\"summary_large_image\" \/>\n<meta name=\"twitter:label1\" content=\"Tiempo de lectura\" \/>\n\t<meta name=\"twitter:data1\" content=\"6 minutos\" \/>\n<script type=\"application\/ld+json\" class=\"yoast-schema-graph\">{\"@context\":\"https:\\\/\\\/schema.org\",\"@graph\":[{\"@type\":\"WebPage\",\"@id\":\"https:\\\/\\\/roserchillon.com\\\/es\\\/lamina-can-trabal-pwyw\\\/\",\"url\":\"https:\\\/\\\/roserchillon.com\\\/es\\\/lamina-can-trabal-pwyw\\\/\",\"name\":\"L\u00e1mina Can Trabal PWYW - Roser Chill\u00f3n i Costa Disse\u00f1o\",\"isPartOf\":{\"@id\":\"https:\\\/\\\/roserchillon.com\\\/es\\\/#website\"},\"datePublished\":\"2022-10-14T17:33:09+00:00\",\"dateModified\":\"2025-11-27T16:27:16+00:00\",\"breadcrumb\":{\"@id\":\"https:\\\/\\\/roserchillon.com\\\/es\\\/lamina-can-trabal-pwyw\\\/#breadcrumb\"},\"inLanguage\":\"es\",\"potentialAction\":[{\"@type\":\"ReadAction\",\"target\":[\"https:\\\/\\\/roserchillon.com\\\/es\\\/lamina-can-trabal-pwyw\\\/\"]}]},{\"@type\":\"BreadcrumbList\",\"@id\":\"https:\\\/\\\/roserchillon.com\\\/es\\\/lamina-can-trabal-pwyw\\\/#breadcrumb\",\"itemListElement\":[{\"@type\":\"ListItem\",\"position\":1,\"name\":\"Inici\",\"item\":\"https:\\\/\\\/roserchillon.com\\\/es\\\/inicio\\\/\"},{\"@type\":\"ListItem\",\"position\":2,\"name\":\"L\u00e1mina Can Trabal PWYW\"}]},{\"@type\":\"WebSite\",\"@id\":\"https:\\\/\\\/roserchillon.com\\\/es\\\/#website\",\"url\":\"https:\\\/\\\/roserchillon.com\\\/es\\\/\",\"name\":\"Roser Chill\u00f3n i Costa Disseny\",\"description\":\"DISE\u00d1O GR\u00c1\",\"publisher\":{\"@id\":\"https:\\\/\\\/roserchillon.com\\\/es\\\/#\\\/schema\\\/person\\\/050e8d65371ec6c487ee4d8437aa981d\"},\"potentialAction\":[{\"@type\":\"SearchAction\",\"target\":{\"@type\":\"EntryPoint\",\"urlTemplate\":\"https:\\\/\\\/roserchillon.com\\\/es\\\/?s={search_term_string}\"},\"query-input\":{\"@type\":\"PropertyValueSpecification\",\"valueRequired\":true,\"valueName\":\"search_term_string\"}}],\"inLanguage\":\"es\"},{\"@type\":[\"Person\",\"Organization\"],\"@id\":\"https:\\\/\\\/roserchillon.com\\\/es\\\/#\\\/schema\\\/person\\\/050e8d65371ec6c487ee4d8437aa981d\",\"name\":\"gestorwebroser\",\"image\":{\"@type\":\"ImageObject\",\"inLanguage\":\"es\",\"@id\":\"https:\\\/\\\/roserchillon.com\\\/wp-content\\\/uploads\\\/2025\\\/02\\\/rosercamera-1024x1024.jpg\",\"url\":\"https:\\\/\\\/roserchillon.com\\\/wp-content\\\/uploads\\\/2025\\\/02\\\/rosercamera-1024x1024.jpg\",\"contentUrl\":\"https:\\\/\\\/roserchillon.com\\\/wp-content\\\/uploads\\\/2025\\\/02\\\/rosercamera-1024x1024.jpg\",\"width\":1024,\"height\":1024,\"caption\":\"gestorwebroser\"},\"logo\":{\"@id\":\"https:\\\/\\\/roserchillon.com\\\/wp-content\\\/uploads\\\/2025\\\/02\\\/rosercamera-1024x1024.jpg\"},\"sameAs\":[\"http:\\\/\\\/roserchillon.com\"]}]}<\/script>\n<!-- \/ Yoast SEO plugin. -->","yoast_head_json":{"title":"L\u00e1mina Can Trabal PWYW - Roser Chill\u00f3n i Costa Disse\u00f1o","robots":{"index":"index","follow":"follow","max-snippet":"max-snippet:-1","max-image-preview":"max-image-preview:large","max-video-preview":"max-video-preview:-1"},"canonical":"https:\/\/roserchillon.com\/es\/lamina-can-trabal-pwyw\/","og_locale":"es_ES","og_type":"article","og_title":"L\u00e1mina Can Trabal PWYW - Roser Chill\u00f3n i Costa Disse\u00f1o","og_description":"La l\u00e1mina de Can Trabal en PWYW PWYW (Pay What You Want) Paga lo que quieras.Can Trabal es una mas\u00eda protegida del siglo XVII situada en la \u00faltima zona agraria que queda en L\u00b4Hospitalet de Llobregat, este entorno se ve amenazado por el plan urban\u00edstico PDU Gran Via.Tanto si quieres pagar el precio de un [&hellip;]","og_url":"https:\/\/roserchillon.com\/es\/lamina-can-trabal-pwyw\/","og_site_name":"Roser Chill\u00f3n i Costa Disse\u00f1o","article_modified_time":"2025-11-27T16:27:16+00:00","twitter_card":"summary_large_image","twitter_misc":{"Tiempo de lectura":"6 minutos"},"schema":{"@context":"https:\/\/schema.org","@graph":[{"@type":"WebPage","@id":"https:\/\/roserchillon.com\/es\/lamina-can-trabal-pwyw\/","url":"https:\/\/roserchillon.com\/es\/lamina-can-trabal-pwyw\/","name":"L\u00e1mina Can Trabal PWYW - Roser Chill\u00f3n i Costa Disse\u00f1o","isPartOf":{"@id":"https:\/\/roserchillon.com\/es\/#website"},"datePublished":"2022-10-14T17:33:09+00:00","dateModified":"2025-11-27T16:27:16+00:00","breadcrumb":{"@id":"https:\/\/roserchillon.com\/es\/lamina-can-trabal-pwyw\/#breadcrumb"},"inLanguage":"es","potentialAction":[{"@type":"ReadAction","target":["https:\/\/roserchillon.com\/es\/lamina-can-trabal-pwyw\/"]}]},{"@type":"BreadcrumbList","@id":"https:\/\/roserchillon.com\/es\/lamina-can-trabal-pwyw\/#breadcrumb","itemListElement":[{"@type":"ListItem","position":1,"name":"Inici","item":"https:\/\/roserchillon.com\/es\/inicio\/"},{"@type":"ListItem","position":2,"name":"L\u00e1mina Can Trabal PWYW"}]},{"@type":"WebSite","@id":"https:\/\/roserchillon.com\/es\/#website","url":"https:\/\/roserchillon.com\/es\/","name":"Roser Chill\u00f3n i Costa Disseny","description":"DISE\u00d1O GR\u00c1","publisher":{"@id":"https:\/\/roserchillon.com\/es\/#\/schema\/person\/050e8d65371ec6c487ee4d8437aa981d"},"potentialAction":[{"@type":"SearchAction","target":{"@type":"EntryPoint","urlTemplate":"https:\/\/roserchillon.com\/es\/?s={search_term_string}"},"query-input":{"@type":"PropertyValueSpecification","valueRequired":true,"valueName":"search_term_string"}}],"inLanguage":"es"},{"@type":["Person","Organization"],"@id":"https:\/\/roserchillon.com\/es\/#\/schema\/person\/050e8d65371ec6c487ee4d8437aa981d","name":"gestorwebroser","image":{"@type":"ImageObject","inLanguage":"es","@id":"https:\/\/roserchillon.com\/wp-content\/uploads\/2025\/02\/rosercamera-1024x1024.jpg","url":"https:\/\/roserchillon.com\/wp-content\/uploads\/2025\/02\/rosercamera-1024x1024.jpg","contentUrl":"https:\/\/roserchillon.com\/wp-content\/uploads\/2025\/02\/rosercamera-1024x1024.jpg","width":1024,"height":1024,"caption":"gestorwebroser"},"logo":{"@id":"https:\/\/roserchillon.com\/wp-content\/uploads\/2025\/02\/rosercamera-1024x1024.jpg"},"sameAs":["http:\/\/roserchillon.com"]}]}},"_links":{"self":[{"href":"https:\/\/roserchillon.com\/es\/wp-json\/wp\/v2\/pages\/1227","targetHints":{"allow":["GET"]}}],"collection":[{"href":"https:\/\/roserchillon.com\/es\/wp-json\/wp\/v2\/pages"}],"about":[{"href":"https:\/\/roserchillon.com\/es\/wp-json\/wp\/v2\/types\/page"}],"author":[{"embeddable":true,"href":"https:\/\/roserchillon.com\/es\/wp-json\/wp\/v2\/users\/1"}],"replies":[{"embeddable":true,"href":"https:\/\/roserchillon.com\/es\/wp-json\/wp\/v2\/comments?post=1227"}],"version-history":[{"count":3,"href":"https:\/\/roserchillon.com\/es\/wp-json\/wp\/v2\/pages\/1227\/revisions"}],"predecessor-version":[{"id":1230,"href":"https:\/\/roserchillon.com\/es\/wp-json\/wp\/v2\/pages\/1227\/revisions\/1230"}],"wp:attachment":[{"href":"https:\/\/roserchillon.com\/es\/wp-json\/wp\/v2\/media?parent=1227"}],"curies":[{"name":"wp","href":"https:\/\/api.w.org\/{rel}","templated":true}]}}